{"id":4673,"date":"2025-09-21T19:14:27","date_gmt":"2025-09-21T17:14:27","guid":{"rendered":"https:\/\/www.shelfiecafe.it\/?post_type=mec-events&#038;p=4673"},"modified":"2026-03-23T18:00:06","modified_gmt":"2026-03-23T17:00:06","slug":"fotofestiwal-open-call-2026","status":"publish","type":"mec-events","link":"https:\/\/www.shelfiecafe.it\/?mec-events=fotofestiwal-open-call-2026","title":{"rendered":"Fotofestiwal Open Call 2026"},"content":{"rendered":"<div id=\"tw-container\" data-cp=\"1\" data-is-ver=\"false\" data-nnttsvi=\"1\" data-sbsl=\"ru,uk\" data-sm=\"1\" data-ssbp=\"true\" data-sugg-time=\"500\" data-sugg-url=\"https:\/\/clients1.google.com\/complete\/search\" data-uilc=\"it\">\n<div id=\"tw-ob\" class=\"tw-src-ltr\">\n<div class=\"oSioSc\">\n<div id=\"tw-target\">\n<div id=\"kAz1tf\" class=\"g9WsWb\">\n<div id=\"tw-target-text-container\" class=\"tw-ta-container F0azHf tw-nfl\" tabindex=\"0\">\n<div id=\"KnM9nf\">\n<div class=\"vc_custom_heading_wrap \">\n<div class=\"heading-text el-text\">\n<div>\n<p>An Open Call for Fotofestiwal Open Program gives you an opportunity to present your works to the audience of the International Festival of Photography held in June 2026 in \u0141\u00f3d\u017a (Poland). We are looking for artists with exceptional personalities and projects which present bold visions. The call for entries is open \u2013 with no thematic or age limits. We invite specialists from the world&#8217;s most important media and photographic institutions to join the jury. From among the submitted projects, the jury will select six which, in cooperation with the curators of Fotofestiwal, will be presented in the form of an exhibition.<\/p>\n<p>From the submitted projects, we\u00a0also\u00a0nominate at least one artist each year for the FUTURES program. FUTURES is a Europe-based photography platform bringing together the global photography community to support and nurture the professional development of emerging artists across the world.<\/p>\n<p>From all projects, one will be selected to receive another award &#8211; publication in &#8216;Pismo&#8217; magazine.\u00a0&#8216;Pismo&#8217; is an independent media project run by the Pismo Foundation. It is a\u00a0monthly magazine publishing investigative reporting, non-fiction, fiction and image (illustrations, comic stories and photo reportages). Pismo also produces non-fiction podcast series\u00a0like\u00a0<em>Pismo Investigation\u00a0or the\u00a0The S\u00e1mi: Scandinavia&#8217;s Guilty Conscience.<\/em><\/p>\n<\/div>\n<p><strong>Award:<\/strong><\/p>\n<ul>\n<li>Exhibition during FOTOFESTIWAL in \u0141\u00f3d\u017a (over 20.000 viewers) for 6 artists,<\/li>\n<li>Artistic fee 1.000 euro,<\/li>\n<li>Accomodation for main opening weekend of the festival,<\/li>\n<li>Reimbursement of travel costs up to 300 euro,<\/li>\n<li>Exhibition production budget 500 euro<\/li>\n<\/ul>\n<p><span style=\"font-family: -apple-system, BlinkMacSystemFont, 'Segoe UI', Roboto, 'Helvetica Neue', Arial, 'Noto Sans', sans-serif, 'Apple Color Emoji', 'Segoe UI Emoji', 'Segoe UI Symbol', 'Noto Color Emoji'; font-size: 1rem; white-space: pre-wrap;\"><strong>Deadline<\/strong>: <\/span><span style=\"font-family: -apple-system, BlinkMacSystemFont, 'Segoe UI', Roboto, 'Helvetica Neue', Arial, 'Noto Sans', sans-serif, 'Apple Color Emoji', 'Segoe UI Emoji', 'Segoe UI Symbol', 'Noto Color Emoji'; font-size: 1rem; white-space: pre-wrap;\">October 15th 2025<\/span><\/p>\n<\/div>\n<\/div>\n<\/div>\n<\/div>\n<\/div>\n<\/div>\n<\/div>\n<\/div>\n<\/div>\n<pre><strong>Link:<\/strong>  <a href=\"https:\/\/site.picter.com\/open-call-2026-fotofestiwal\">https:\/\/fotofestiwal.com<\/a><\/pre>\n","protected":false},"excerpt":{"rendered":"<p>An Open Call for Fotofestiwal Open Program gives you an opportunity to present your works to the audience of the International Festival of Photography held in June 2026 in \u0141\u00f3d\u017a (Poland). We are looking for artists with exceptional personalities and projects which present bold visions. The call for entries is open \u2013 with no thematic [&hellip;]<\/p>\n","protected":false},"author":1,"featured_media":1607,"comment_status":"open","ping_status":"closed","template":"","tags":[565],"mec_category":[36],"class_list":["post-4673","mec-events","type-mec-events","status-publish","has-post-thumbnail","hentry","tag-fotofestiwal","mec_category-concorsi"],"acf":[],"yoast_head":"<!-- This site is optimized with the Yoast SEO plugin v28.3 - https:\/\/yoast.com\/product\/yoast-seo-wordpress\/ -->\n<title>Fotofestiwal Open Call 2026 - Shelfie Cafe<\/title>\n<meta name=\"description\" content=\"An Open Call for Fotofestiwal Open Program gives you an opportunity to present your works to the audience of the International Festival of Photography held in June 2023 in \u0141\u00f3d\u017a (Poland). We are looking for artists with exceptional personalities and projects which present bold visions. The call for entries is open \u2013 with no thematic or age limits. We invite specialists from the world&#039;s most important media and photographic institutions to join the jury. From among the submitted projects, the jury will select six which, in cooperation with the curators of Fotofestiwal, will be presented in the form of an exhibition.\" \/>\n<meta name=\"robots\" content=\"index, follow, max-snippet:-1, max-image-preview:large, max-video-preview:-1\" \/>\n<link rel=\"canonical\" href=\"https:\/\/www.shelfiecafe.it\/?mec-events=fotofestiwal-open-call-2026\" \/>\n<meta property=\"og:locale\" content=\"it_IT\" \/>\n<meta property=\"og:type\" content=\"article\" \/>\n<meta property=\"og:title\" content=\"Fotofestiwal Open Call 2026 - Shelfie Cafe\" \/>\n<meta property=\"og:description\" content=\"An Open Call for Fotofestiwal Open Program gives you an opportunity to present your works to the audience of the International Festival of Photography held in June 2023 in \u0141\u00f3d\u017a (Poland). We are looking for artists with exceptional personalities and projects which present bold visions. The call for entries is open \u2013 with no thematic or age limits. We invite specialists from the world&#039;s most important media and photographic institutions to join the jury. From among the submitted projects, the jury will select six which, in cooperation with the curators of Fotofestiwal, will be presented in the form of an exhibition.\" \/>\n<meta property=\"og:url\" content=\"https:\/\/www.shelfiecafe.it\/?mec-events=fotofestiwal-open-call-2026\" \/>\n<meta property=\"og:site_name\" content=\"Shelfie Cafe\" \/>\n<meta property=\"article:publisher\" content=\"https:\/\/www.facebook.com\/Shelfiecafe\" \/>\n<meta property=\"article:modified_time\" content=\"2026-03-23T17:00:06+00:00\" \/>\n<meta property=\"og:image\" content=\"https:\/\/www.shelfiecafe.it\/wp-content\/uploads\/2022\/12\/Fotofestiwal.jpg\" \/>\n\t<meta property=\"og:image:width\" content=\"315\" \/>\n\t<meta property=\"og:image:height\" content=\"299\" \/>\n\t<meta property=\"og:image:type\" content=\"image\/jpeg\" \/>\n<meta name=\"twitter:card\" content=\"summary_large_image\" \/>\n<meta name=\"twitter:label1\" content=\"Tempo di lettura stimato\" \/>\n\t<meta name=\"twitter:data1\" content=\"2 minuti\" \/>\n<script type=\"application\/ld+json\" class=\"yoast-schema-graph\">{\"@context\":\"https:\\\/\\\/schema.org\",\"@graph\":[{\"@type\":\"WebPage\",\"@id\":\"https:\\\/\\\/www.shelfiecafe.it\\\/?mec-events=fotofestiwal-open-call-2026\",\"url\":\"https:\\\/\\\/www.shelfiecafe.it\\\/?mec-events=fotofestiwal-open-call-2026\",\"name\":\"Fotofestiwal Open Call 2026 - Shelfie Cafe\",\"isPartOf\":{\"@id\":\"https:\\\/\\\/www.shelfiecafe.it\\\/#website\"},\"primaryImageOfPage\":{\"@id\":\"https:\\\/\\\/www.shelfiecafe.it\\\/?mec-events=fotofestiwal-open-call-2026#primaryimage\"},\"image\":{\"@id\":\"https:\\\/\\\/www.shelfiecafe.it\\\/?mec-events=fotofestiwal-open-call-2026#primaryimage\"},\"thumbnailUrl\":\"https:\\\/\\\/www.shelfiecafe.it\\\/wp-content\\\/uploads\\\/2022\\\/12\\\/Fotofestiwal.jpg\",\"datePublished\":\"2025-09-21T17:14:27+00:00\",\"dateModified\":\"2026-03-23T17:00:06+00:00\",\"description\":\"An Open Call for Fotofestiwal Open Program gives you an opportunity to present your works to the audience of the International Festival of Photography held in June 2023 in \u0141\u00f3d\u017a (Poland). We are looking for artists with exceptional personalities and projects which present bold visions. The call for entries is open \u2013 with no thematic or age limits. We invite specialists from the world's most important media and photographic institutions to join the jury. From among the submitted projects, the jury will select six which, in cooperation with the curators of Fotofestiwal, will be presented in the form of an exhibition.\",\"breadcrumb\":{\"@id\":\"https:\\\/\\\/www.shelfiecafe.it\\\/?mec-events=fotofestiwal-open-call-2026#breadcrumb\"},\"inLanguage\":\"it-IT\",\"potentialAction\":[{\"@type\":\"ReadAction\",\"target\":[\"https:\\\/\\\/www.shelfiecafe.it\\\/?mec-events=fotofestiwal-open-call-2026\"]}]},{\"@type\":\"ImageObject\",\"inLanguage\":\"it-IT\",\"@id\":\"https:\\\/\\\/www.shelfiecafe.it\\\/?mec-events=fotofestiwal-open-call-2026#primaryimage\",\"url\":\"https:\\\/\\\/www.shelfiecafe.it\\\/wp-content\\\/uploads\\\/2022\\\/12\\\/Fotofestiwal.jpg\",\"contentUrl\":\"https:\\\/\\\/www.shelfiecafe.it\\\/wp-content\\\/uploads\\\/2022\\\/12\\\/Fotofestiwal.jpg\",\"width\":315,\"height\":299},{\"@type\":\"BreadcrumbList\",\"@id\":\"https:\\\/\\\/www.shelfiecafe.it\\\/?mec-events=fotofestiwal-open-call-2026#breadcrumb\",\"itemListElement\":[{\"@type\":\"ListItem\",\"position\":1,\"name\":\"Home\",\"item\":\"https:\\\/\\\/www.shelfiecafe.it\\\/\"},{\"@type\":\"ListItem\",\"position\":2,\"name\":\"Eventi\",\"item\":\"https:\\\/\\\/www.shelfiecafe.it\\\/?post_type=mec-events\"},{\"@type\":\"ListItem\",\"position\":3,\"name\":\"Fotofestiwal Open Call 2026\"}]},{\"@type\":\"WebSite\",\"@id\":\"https:\\\/\\\/www.shelfiecafe.it\\\/#website\",\"url\":\"https:\\\/\\\/www.shelfiecafe.it\\\/\",\"name\":\"Shelfie Cafe\",\"description\":\"libri, festival e concorsi di fotografia\",\"publisher\":{\"@id\":\"https:\\\/\\\/www.shelfiecafe.it\\\/#organization\"},\"potentialAction\":[{\"@type\":\"SearchAction\",\"target\":{\"@type\":\"EntryPoint\",\"urlTemplate\":\"https:\\\/\\\/www.shelfiecafe.it\\\/?s={search_term_string}\"},\"query-input\":{\"@type\":\"PropertyValueSpecification\",\"valueRequired\":true,\"valueName\":\"search_term_string\"}}],\"inLanguage\":\"it-IT\"},{\"@type\":\"Organization\",\"@id\":\"https:\\\/\\\/www.shelfiecafe.it\\\/#organization\",\"name\":\"Shelfie Cafe\",\"url\":\"https:\\\/\\\/www.shelfiecafe.it\\\/\",\"logo\":{\"@type\":\"ImageObject\",\"inLanguage\":\"it-IT\",\"@id\":\"https:\\\/\\\/www.shelfiecafe.it\\\/#\\\/schema\\\/logo\\\/image\\\/\",\"url\":\"https:\\\/\\\/www.shelfiecafe.it\\\/wp-content\\\/uploads\\\/2022\\\/03\\\/cropped-Logo-1.jpg\",\"contentUrl\":\"https:\\\/\\\/www.shelfiecafe.it\\\/wp-content\\\/uploads\\\/2022\\\/03\\\/cropped-Logo-1.jpg\",\"width\":400,\"height\":400,\"caption\":\"Shelfie Cafe\"},\"image\":{\"@id\":\"https:\\\/\\\/www.shelfiecafe.it\\\/#\\\/schema\\\/logo\\\/image\\\/\"},\"sameAs\":[\"https:\\\/\\\/www.facebook.com\\\/Shelfiecafe\",\"https:\\\/\\\/www.instagram.com\\\/shelfie_cafe\\\/\"]}]}<\/script>\n<!-- \/ Yoast SEO plugin. -->","yoast_head_json":{"title":"Fotofestiwal Open Call 2026 - Shelfie Cafe","description":"An Open Call for Fotofestiwal Open Program gives you an opportunity to present your works to the audience of the International Festival of Photography held in June 2023 in \u0141\u00f3d\u017a (Poland). We are looking for artists with exceptional personalities and projects which present bold visions. The call for entries is open \u2013 with no thematic or age limits. We invite specialists from the world's most important media and photographic institutions to join the jury. From among the submitted projects, the jury will select six which, in cooperation with the curators of Fotofestiwal, will be presented in the form of an exhibition.","robots":{"index":"index","follow":"follow","max-snippet":"max-snippet:-1","max-image-preview":"max-image-preview:large","max-video-preview":"max-video-preview:-1"},"canonical":"https:\/\/www.shelfiecafe.it\/?mec-events=fotofestiwal-open-call-2026","og_locale":"it_IT","og_type":"article","og_title":"Fotofestiwal Open Call 2026 - Shelfie Cafe","og_description":"An Open Call for Fotofestiwal Open Program gives you an opportunity to present your works to the audience of the International Festival of Photography held in June 2023 in \u0141\u00f3d\u017a (Poland). We are looking for artists with exceptional personalities and projects which present bold visions. The call for entries is open \u2013 with no thematic or age limits. We invite specialists from the world's most important media and photographic institutions to join the jury. From among the submitted projects, the jury will select six which, in cooperation with the curators of Fotofestiwal, will be presented in the form of an exhibition.","og_url":"https:\/\/www.shelfiecafe.it\/?mec-events=fotofestiwal-open-call-2026","og_site_name":"Shelfie Cafe","article_publisher":"https:\/\/www.facebook.com\/Shelfiecafe","article_modified_time":"2026-03-23T17:00:06+00:00","og_image":[{"width":315,"height":299,"url":"https:\/\/www.shelfiecafe.it\/wp-content\/uploads\/2022\/12\/Fotofestiwal.jpg","type":"image\/jpeg"}],"twitter_card":"summary_large_image","twitter_misc":{"Tempo di lettura stimato":"2 minuti"},"schema":{"@context":"https:\/\/schema.org","@graph":[{"@type":"WebPage","@id":"https:\/\/www.shelfiecafe.it\/?mec-events=fotofestiwal-open-call-2026","url":"https:\/\/www.shelfiecafe.it\/?mec-events=fotofestiwal-open-call-2026","name":"Fotofestiwal Open Call 2026 - Shelfie Cafe","isPartOf":{"@id":"https:\/\/www.shelfiecafe.it\/#website"},"primaryImageOfPage":{"@id":"https:\/\/www.shelfiecafe.it\/?mec-events=fotofestiwal-open-call-2026#primaryimage"},"image":{"@id":"https:\/\/www.shelfiecafe.it\/?mec-events=fotofestiwal-open-call-2026#primaryimage"},"thumbnailUrl":"https:\/\/www.shelfiecafe.it\/wp-content\/uploads\/2022\/12\/Fotofestiwal.jpg","datePublished":"2025-09-21T17:14:27+00:00","dateModified":"2026-03-23T17:00:06+00:00","description":"An Open Call for Fotofestiwal Open Program gives you an opportunity to present your works to the audience of the International Festival of Photography held in June 2023 in \u0141\u00f3d\u017a (Poland). We are looking for artists with exceptional personalities and projects which present bold visions. The call for entries is open \u2013 with no thematic or age limits. We invite specialists from the world's most important media and photographic institutions to join the jury. From among the submitted projects, the jury will select six which, in cooperation with the curators of Fotofestiwal, will be presented in the form of an exhibition.","breadcrumb":{"@id":"https:\/\/www.shelfiecafe.it\/?mec-events=fotofestiwal-open-call-2026#breadcrumb"},"inLanguage":"it-IT","potentialAction":[{"@type":"ReadAction","target":["https:\/\/www.shelfiecafe.it\/?mec-events=fotofestiwal-open-call-2026"]}]},{"@type":"ImageObject","inLanguage":"it-IT","@id":"https:\/\/www.shelfiecafe.it\/?mec-events=fotofestiwal-open-call-2026#primaryimage","url":"https:\/\/www.shelfiecafe.it\/wp-content\/uploads\/2022\/12\/Fotofestiwal.jpg","contentUrl":"https:\/\/www.shelfiecafe.it\/wp-content\/uploads\/2022\/12\/Fotofestiwal.jpg","width":315,"height":299},{"@type":"BreadcrumbList","@id":"https:\/\/www.shelfiecafe.it\/?mec-events=fotofestiwal-open-call-2026#breadcrumb","itemListElement":[{"@type":"ListItem","position":1,"name":"Home","item":"https:\/\/www.shelfiecafe.it\/"},{"@type":"ListItem","position":2,"name":"Eventi","item":"https:\/\/www.shelfiecafe.it\/?post_type=mec-events"},{"@type":"ListItem","position":3,"name":"Fotofestiwal Open Call 2026"}]},{"@type":"WebSite","@id":"https:\/\/www.shelfiecafe.it\/#website","url":"https:\/\/www.shelfiecafe.it\/","name":"Shelfie Cafe","description":"libri, festival e concorsi di fotografia","publisher":{"@id":"https:\/\/www.shelfiecafe.it\/#organization"},"potentialAction":[{"@type":"SearchAction","target":{"@type":"EntryPoint","urlTemplate":"https:\/\/www.shelfiecafe.it\/?s={search_term_string}"},"query-input":{"@type":"PropertyValueSpecification","valueRequired":true,"valueName":"search_term_string"}}],"inLanguage":"it-IT"},{"@type":"Organization","@id":"https:\/\/www.shelfiecafe.it\/#organization","name":"Shelfie Cafe","url":"https:\/\/www.shelfiecafe.it\/","logo":{"@type":"ImageObject","inLanguage":"it-IT","@id":"https:\/\/www.shelfiecafe.it\/#\/schema\/logo\/image\/","url":"https:\/\/www.shelfiecafe.it\/wp-content\/uploads\/2022\/03\/cropped-Logo-1.jpg","contentUrl":"https:\/\/www.shelfiecafe.it\/wp-content\/uploads\/2022\/03\/cropped-Logo-1.jpg","width":400,"height":400,"caption":"Shelfie Cafe"},"image":{"@id":"https:\/\/www.shelfiecafe.it\/#\/schema\/logo\/image\/"},"sameAs":["https:\/\/www.facebook.com\/Shelfiecafe","https:\/\/www.instagram.com\/shelfie_cafe\/"]}]}},"_links":{"self":[{"href":"https:\/\/www.shelfiecafe.it\/index.php?rest_route=\/wp\/v2\/mec-events\/4673","targetHints":{"allow":["GET"]}}],"collection":[{"href":"https:\/\/www.shelfiecafe.it\/index.php?rest_route=\/wp\/v2\/mec-events"}],"about":[{"href":"https:\/\/www.shelfiecafe.it\/index.php?rest_route=\/wp\/v2\/types\/mec-events"}],"author":[{"embeddable":true,"href":"https:\/\/www.shelfiecafe.it\/index.php?rest_route=\/wp\/v2\/users\/1"}],"replies":[{"embeddable":true,"href":"https:\/\/www.shelfiecafe.it\/index.php?rest_route=%2Fwp%2Fv2%2Fcomments&post=4673"}],"wp:featuredmedia":[{"embeddable":true,"href":"https:\/\/www.shelfiecafe.it\/index.php?rest_route=\/wp\/v2\/media\/1607"}],"wp:attachment":[{"href":"https:\/\/www.shelfiecafe.it\/index.php?rest_route=%2Fwp%2Fv2%2Fmedia&parent=4673"}],"wp:term":[{"taxonomy":"post_tag","embeddable":true,"href":"https:\/\/www.shelfiecafe.it\/index.php?rest_route=%2Fwp%2Fv2%2Ftags&post=4673"},{"taxonomy":"mec_category","embeddable":true,"href":"https:\/\/www.shelfiecafe.it\/index.php?rest_route=%2Fwp%2Fv2%2Fmec_category&post=4673"}],"curies":[{"name":"wp","href":"https:\/\/api.w.org\/{rel}","templated":true}]}}